{"version":"1.0","provider_name":"Kooperations\u00fcbereinkommen","provider_url":"https:\/\/www.coflaspalmas.es\/de","author_name":"Nieves","author_url":"https:\/\/www.coflaspalmas.es\/de\/author\/nievesfarmaceuticoslaspalmas-com\/","title":"Cuidando la comunicaci\u00f3n con el paciente con DM - COFLP","type":"rich","width":600,"height":338,"html":"<blockquote class=\"wp-embedded-content\" data-secret=\"E2xG7ZpyIU\"><a href=\"https:\/\/www.coflaspalmas.es\/de\/class\/cuidando-la-comunicacion-con-el-paciente-con-dm\/\">Die Pflege der Kommunikation mit dem Diabetiker<\/a><\/blockquote><iframe sandbox=\"allow-scripts\" security=\"restricted\" src=\"https:\/\/www.coflaspalmas.es\/de\/class\/cuidando-la-comunicacion-con-el-paciente-con-dm\/embed\/#?secret=E2xG7ZpyIU\" width=\"600\" height=\"338\" title=\"&#8222;Cuidando la comunicaci\u00f3n con el paciente con DM&#8220; &#8211; COFLP\" data-secret=\"E2xG7ZpyIU\" frameborder=\"0\" marginwidth=\"0\" marginheight=\"0\" scrolling=\"no\" class=\"wp-embedded-content\"><\/iframe><script type=\"text\/javascript\">\n\/* <![CDATA[ *\/\n\/*! This file is auto-generated *\/\n!function(d,l){\"use strict\";l.querySelector&&d.addEventListener&&\"undefined\"!=typeof URL&&(d.wp=d.wp||{},d.wp.receiveEmbedMessage||(d.wp.receiveEmbedMessage=function(e){var t=e.data;if((t||t.secret||t.message||t.value)&&!\/[^a-zA-Z0-9]\/.test(t.secret)){for(var s,r,n,a=l.querySelectorAll('iframe[data-secret=\"'+t.secret+'\"]'),o=l.querySelectorAll('blockquote[data-secret=\"'+t.secret+'\"]'),c=new RegExp(\"^https?:$\",\"i\"),i=0;i<o.length;i++)o[i].style.display=\"none\";for(i=0;i<a.length;i++)s=a[i],e.source===s.contentWindow&&(s.removeAttribute(\"style\"),\"height\"===t.message?(1e3<(r=parseInt(t.value,10))?r=1e3:~~r<200&&(r=200),s.height=r):\"link\"===t.message&&(r=new URL(s.getAttribute(\"src\")),n=new URL(t.value),c.test(n.protocol))&&n.host===r.host&&l.activeElement===s&&(d.top.location.href=t.value))}},d.addEventListener(\"message\",d.wp.receiveEmbedMessage,!1),l.addEventListener(\"DOMContentLoaded\",function(){for(var e,t,s=l.querySelectorAll(\"iframe.wp-embedded-content\"),r=0;r<s.length;r++)(t=(e=s[r]).getAttribute(\"data-secret\"))||(t=Math.random().toString(36).substring(2,12),e.src+=\"#?secret=\"+t,e.setAttribute(\"data-secret\",t)),e.contentWindow.postMessage({message:\"ready\",secret:t},\"*\")},!1)))}(window,document);\n\/\/# sourceURL=https:\/\/www.coflaspalmas.es\/wp-includes\/js\/wp-embed.min.js\n\/* ]]> *\/\n<\/script>","description":"Dentro del ciclo de charlas y talleres que Adigran ( Asociaci\u00f3n de diab\u00e9ticos de Gran Canaria) est\u00e1 llevando a cabo en conmemoraci\u00f3n\u00a0 del D\u00eda Mundial de la Diabetes , te invitamos a asistir a una\u00a0 charla-taller dirigida a profesionales sanitarios. &nbsp; TITULO:\u00a0 CUIDANDO LA COMUNICACI\u00d3N CON EL PACIENTE CON DM. &nbsp; Ponente: Susana Mart\u00ednez Garc\u00eda [&hellip;]"}