{"id":26057678,"date":"2026-04-30T20:35:06","date_gmt":"2026-04-30T18:35:06","guid":{"rendered":"https:\/\/www.coflaspalmas.es\/?page_id=26057678"},"modified":"2026-04-30T20:35:09","modified_gmt":"2026-04-30T18:35:09","slug":"politica-de-proteccion-de-datos","status":"publish","type":"page","link":"https:\/\/www.coflaspalmas.es\/es\/politica-de-proteccion-de-datos\/","title":{"rendered":"Pol\u00edtica de Protecci\u00f3n de Datos"},"content":{"rendered":"\n[et_pb_section fb_built=\u00bb1&#8243; custom_padding_last_edited=\u00bbon|tablet\u00bb disabled_on=\u00bbon|on|on\u00bb admin_label=\u00bbHeader\u00bb _builder_version=\u00bb4.18.0&#8243; _module_preset=\u00bbdefault\u00bb background_color=\u00bb#181818&#8243; background_image=\u00bbhttps:\/\/www.coflaspalmas.es\/wp-content\/uploads\/2025\/01\/real-estate-28.jpg\u00bb background_size=\u00bbcustom\u00bb background_image_width=\u00bb50%\u00bb background_position=\u00bbcenter_left\u00bb custom_padding=\u00bb15%||5%||false|false\u00bb custom_padding_tablet=\u00bb8%||8%||true|false\u00bb custom_padding_phone=\u00bb8%||8%||true|false\u00bb background_last_edited=\u00bbon|tablet\u00bb background_size_tablet=\u00bbcover\u00bb background_position_tablet=\u00bbcenter\u00bb disabled=\u00bbon\u00bb collapsed=\u00bbon\u00bb global_colors_info=\u00bb{}\u00bb][et_pb_row column_structure=\u00bb1_2,1_2&#8243; use_custom_gutter=\u00bbon\u00bb gutter_width=\u00bb1&#8243; admin_label=\u00bbRow\u00bb _builder_version=\u00bb4.18.0&#8243; _module_preset=\u00bbdefault\u00bb positioning=\u00bbabsolute\u00bb position_origin_a=\u00bbbottom_center\u00bb width=\u00bb100%\u00bb max_width=\u00bb100%\u00bb custom_padding=\u00bb||0px||false|false\u00bb locked=\u00bboff\u00bb global_colors_info=\u00bb{}\u00bb][et_pb_column type=\u00bb1_2&#8243; _builder_version=\u00bb4.18.0&#8243; _module_preset=\u00bbdefault\u00bb global_colors_info=\u00bb{}\u00bb][\/et_pb_column][et_pb_column type=\u00bb1_2&#8243; _builder_version=\u00bb4.18.0&#8243; _module_preset=\u00bbdefault\u00bb background_image_width_tablet=\u00bb40%\u00bb background_repeat_tablet=\u00bbno-repeat\u00bb background_blend_tablet=\u00bbnormal\u00bb global_colors_info=\u00bb{}\u00bb][et_pb_divider show_divider=\u00bboff\u00bb _builder_version=\u00bb4.18.0&#8243; _module_preset=\u00bbdefault\u00bb height=\u00bb100vh\u00bb global_colors_info=\u00bb{}\u00bb][\/et_pb_divider][et_pb_image src=\u00bbhttps:\/\/www.coflaspalmas.es\/wp-content\/uploads\/2025\/01\/real-estate-34.png\u00bb title_text=\u00bbreal-estate-34&#8243; _builder_version=\u00bb4.18.0&#8243; _module_preset=\u00bbdefault\u00bb global_colors_info=\u00bb{}\u00bb][\/et_pb_image][\/et_pb_column][\/et_pb_row][et_pb_row use_custom_gutter=\u00bbon\u00bb gutter_width=\u00bb1&#8243; _builder_version=\u00bb4.27.4&#8243; _module_preset=\u00bbdefault\u00bb custom_padding=\u00bb0px||0px||true|false\u00bb global_colors_info=\u00bb{}\u00bb width=\u00bb83.5%\u00bb][et_pb_column type=\u00bb4_4&#8243; _builder_version=\u00bb4.18.0&#8243; _module_preset=\u00bbdefault\u00bb background_color=\u00bb#FFFFFF\u00bb custom_padding=\u00bb50px|50px|50px|50px|true|true\u00bb custom_padding_tablet=\u00bb30px|30px|30px|30px|true|true\u00bb custom_padding_phone=\u00bb20px|20px|20px|20px|true|true\u00bb custom_padding_last_edited=\u00bbon|desktop\u00bb hover_enabled=\u00bb0&#8243; global_colors_info=\u00bb{}\u00bb sticky_enabled=\u00bb0&#8243;][et_pb_text _builder_version=\u00bb4.27.4&#8243; _module_preset=\u00bbc16985e1-e0d6-4022-964d-e2bfc04fa633&#8243; header_font=\u00bbKarla|700|||||||\u00bb header_text_color=\u00bb#000000&#8243; header_font_size=\u00bb75px\u00bb header_line_height=\u00bb1.1em\u00bb hover_enabled=\u00bb0&#8243; header_font_size_tablet=\u00bb40px\u00bb header_font_size_phone=\u00bb24px\u00bb header_font_size_last_edited=\u00bbon|desktop\u00bb global_colors_info=\u00bb{}\u00bb sticky_enabled=\u00bb0&#8243;]<h1>Pol\u00edtica de<\/h1>\n<h1>protecci\u00f3n de datos<\/h1>[\/et_pb_text][\/et_pb_column][\/et_pb_row][\/et_pb_section][et_pb_section fb_built=\u00bb1&#8243; disabled_on=\u00bboff|off|off\u00bb admin_label=\u00bbHeader\u00bb _builder_version=\u00bb4.27.4&#8243; _module_preset=\u00bbdefault\u00bb background_color=\u00bb#c9cce3&#8243; background_enable_image=\u00bboff\u00bb overflow-x=\u00bbhidden\u00bb overflow-y=\u00bbhidden\u00bb custom_padding=\u00bb0px||0px||true|false\u00bb background_last_edited=\u00bboff|desktop\u00bb background_size_tablet=\u00bbcover\u00bb background_position_tablet=\u00bbcenter\u00bb background_enable_pattern_style_tablet=\u00bboff\u00bb locked=\u00bboff\u00bb collapsed=\u00bboff\u00bb global_colors_info=\u00bb{}\u00bb][et_pb_row column_structure=\u00bb1_2,1_2&#8243; use_custom_gutter=\u00bbon\u00bb gutter_width=\u00bb1&#8243; module_class=\u00bbcabecera-paginas-breadcrumb\u00bb _builder_version=\u00bb4.27.4&#8243; _module_preset=\u00bbdefault\u00bb custom_margin=\u00bb||||false|false\u00bb custom_padding=\u00bb0px||0px||true|false\u00bb global_colors_info=\u00bb{}\u00bb][et_pb_column type=\u00bb1_2&#8243; _builder_version=\u00bb4.27.4&#8243; _module_preset=\u00bbdefault\u00bb background_enable_color=\u00bboff\u00bb custom_padding=\u00bb0px|0px|0px|0px|true|true\u00bb custom_padding_tablet=\u00bb0px|0px|0px|0px|true|true\u00bb custom_padding_phone=\u00bb0px|0px|0px|0px|true|true\u00bb custom_padding_last_edited=\u00bbon|phone\u00bb custom_css_main_element=\u00bbjustify-content:center;\u00bb global_colors_info=\u00bb{}\u00bb][et_pb_text module_class=\u00bbcabecera-paginas-breadcrumb-titulo\u00bb _builder_version=\u00bb4.27.4&#8243; _module_preset=\u00bbc16985e1-e0d6-4022-964d-e2bfc04fa633&#8243; header_font=\u00bbKarla|700||on|||||\u00bb header_font_size=\u00bb64px\u00bb header_4_font=\u00bbKarla|700|||||||\u00bb header_4_font_size=\u00bb16px\u00bb custom_margin=\u00bb0px||0px||false|false\u00bb hover_enabled=\u00bb0&#8243; header_font_size_tablet=\u00bb36px\u00bb header_font_size_phone=\u00bb24px\u00bb header_font_size_last_edited=\u00bbon|desktop\u00bb locked=\u00bboff\u00bb global_colors_info=\u00bb{}\u00bb sticky_enabled=\u00bb0&#8243; width=\u00bb100%\u00bb]<h4>Pol\u00edtica de<\/h4>\n<h1>Protecci\u00f3n de datos<\/h1>[\/et_pb_text][\/et_pb_column][et_pb_column type=\u00bb1_2&#8243; _builder_version=\u00bb4.27.4&#8243; _module_preset=\u00bbdefault\u00bb background_enable_color=\u00bboff\u00bb custom_padding=\u00bb0px|0px|0px|0px|true|true\u00bb custom_padding_tablet=\u00bb0px|0px|0px|0px|true|true\u00bb custom_padding_phone=\u00bb0px|0px|0px|0px|true|true\u00bb custom_padding_last_edited=\u00bbon|phone\u00bb global_colors_info=\u00bb{}\u00bb][et_pb_image src=\u00bbhttps:\/\/www.coflaspalmas.es\/wp-content\/uploads\/2026\/01\/logo-blanco-sin-texto.png\u00bb title_text=\u00bblogo-blanco-sin-texto\u00bb _builder_version=\u00bb4.27.4&#8243; _module_preset=\u00bbdefault\u00bb custom_css_free_form=\u00bbselector img {||  transform: rotate(14deg) scale(1.3);||  margin-top:60px;||}\u00bb global_colors_info=\u00bb{}\u00bb width=\u00bb94.2%\u00bb][\/et_pb_image][et_pb_code _builder_version=\u00bb4.27.4&#8243; _module_preset=\u00bbdefault\u00bb global_colors_info=\u00bb{}\u00bb]<style><!-- [et_pb_line_break_holder] -->  .cabecera-paginas-breadcrumb {<!-- [et_pb_line_break_holder] -->    display: flex;<!-- [et_pb_line_break_holder] -->    align-items: center;<!-- [et_pb_line_break_holder] -->    justify-content: space-between;<!-- [et_pb_line_break_holder] -->    height: 200px;<!-- [et_pb_line_break_holder] -->  }<!-- [et_pb_line_break_holder] -->  <!-- [et_pb_line_break_holder] -->  .cabecera-paginas-breadcrumb > div:last-of-type {<!-- [et_pb_line_break_holder] -->    width: fit-content !important;<!-- [et_pb_line_break_holder] -->  }<!-- [et_pb_line_break_holder] -->  <!-- [et_pb_line_break_holder] -->  .cabecera-paginas-breadcrumb > div:last-of-type img {<!-- [et_pb_line_break_holder] -->    width: 200px;<!-- [et_pb_line_break_holder] -->  }<!-- [et_pb_line_break_holder] -->  <!-- [et_pb_line_break_holder] -->  .cabecera-paginas-breadcrumb > div:first-of-type {<!-- [et_pb_line_break_holder] -->    height: 100%;<!-- [et_pb_line_break_holder] -->  \tdisplay: flex;<!-- [et_pb_line_break_holder] -->    flex-direction: column;<!-- [et_pb_line_break_holder] -->    flex: 1;<!-- [et_pb_line_break_holder] -->  }<!-- [et_pb_line_break_holder] -->  <!-- [et_pb_line_break_holder] -->  .cabecera-paginas-breadcrumb > div:first-of-type h1,<!-- [et_pb_line_break_holder] -->  .cabecera-paginas-breadcrumb > div:first-of-type h2,<!-- [et_pb_line_break_holder] -->  .cabecera-paginas-breadcrumb > div:first-of-type h3,<!-- [et_pb_line_break_holder] -->  .cabecera-paginas-breadcrumb > div:first-of-type h4,<!-- [et_pb_line_break_holder] -->  .cabecera-paginas-breadcrumb > div:first-of-type h5,<!-- [et_pb_line_break_holder] -->  .cabecera-paginas-breadcrumb > div:first-of-type h6 {<!-- [et_pb_line_break_holder] -->    padding: 0;<!-- [et_pb_line_break_holder] -->  }<!-- [et_pb_line_break_holder] -->  <!-- [et_pb_line_break_holder] -->  .cabecera-paginas-breadcrumb > div:first-of-type h1 {<!-- [et_pb_line_break_holder] -->    margin-left: -5px;<!-- [et_pb_line_break_holder] -->  }<!-- [et_pb_line_break_holder] -->  <!-- [et_pb_line_break_holder] -->  .cabecera-paginas-breadcrumb-bc {<!-- [et_pb_line_break_holder] -->    margin-top: 10px;<!-- [et_pb_line_break_holder] -->  }<!-- [et_pb_line_break_holder] -->  <!-- [et_pb_line_break_holder] -->  .cabecera-paginas-breadcrumb-bc .fbc-page .fbc-wrap .fbc-items {<!-- [et_pb_line_break_holder] -->    background: transparent;<!-- [et_pb_line_break_holder] -->    font-family: 'Karla';<!-- [et_pb_line_break_holder] -->    padding: 0 !important;<!-- [et_pb_line_break_holder] -->    line-height: normal;<!-- [et_pb_line_break_holder] -->  }<!-- [et_pb_line_break_holder] --><!-- [et_pb_line_break_holder] -->  .cabecera-paginas-breadcrumb-bc .fbc-page .fbc-wrap .fbc-items > li {<!-- [et_pb_line_break_holder] -->    padding: 0;<!-- [et_pb_line_break_holder] -->    font-weight: 400;<!-- [et_pb_line_break_holder] -->    font-size: 14px;<!-- [et_pb_line_break_holder] -->  }<!-- [et_pb_line_break_holder] -->  <!-- [et_pb_line_break_holder] -->  .cabecera-paginas-breadcrumb-bc .fbc-page .fbc-wrap .fbc-items > li a {<!-- [et_pb_line_break_holder] -->    color: #757575;<!-- [et_pb_line_break_holder] -->  }<!-- [et_pb_line_break_holder] -->  <!-- [et_pb_line_break_holder] -->  .cabecera-paginas-breadcrumb-bc .fbc-page .fbc-wrap .fbc-items li.active span,<!-- [et_pb_line_break_holder] -->  .cabecera-paginas-breadcrumb-bc .fbc-page .fbc-wrap .fbc-items li .fbc-end-text {<!-- [et_pb_line_break_holder] -->    color: #757575;<!-- [et_pb_line_break_holder] -->    font-weight: 500;<!-- [et_pb_line_break_holder] -->    font-size: 14px;<!-- [et_pb_line_break_holder] -->  }<!-- [et_pb_line_break_holder] -->  <!-- [et_pb_line_break_holder] -->  .cabecera-paginas-breadcrumb-bc .fbc-page .fbc-wrap .fbc-items li .fbc-separator {<!-- [et_pb_line_break_holder] -->    color: #757575;<!-- [et_pb_line_break_holder] -->    margin: 0 5px;<!-- [et_pb_line_break_holder] -->  }<!-- [et_pb_line_break_holder] -->  <!-- [et_pb_line_break_holder] -->  .cabecera-paginas-breadcrumb-titulo {<!-- [et_pb_line_break_holder] -->    margin-top: 40px;<!-- [et_pb_line_break_holder] -->  }<!-- [et_pb_line_break_holder] -->  .breadcrumb-quitar-margen ol li:first-of-type {<!-- [et_pb_line_break_holder] -->\t\tmargin-left:0;<!-- [et_pb_line_break_holder] -->}<!-- [et_pb_line_break_holder] -->  <!-- [et_pb_line_break_holder] -->   .breadcrumb-quitar-margen ol {<!-- [et_pb_line_break_holder] -->    margin:0;<!-- [et_pb_line_break_holder] -->    padding:10px 0px 10px 0px !important;<!-- [et_pb_line_break_holder] -->  }<!-- [et_pb_line_break_holder] -->  .breadcrumb-quitar-margen ol li {<!-- [et_pb_line_break_holder] -->    padding:0 !important;<!-- [et_pb_line_break_holder] -->    margin-left:5px;<!-- [et_pb_line_break_holder] -->  }<!-- [et_pb_line_break_holder] --><!-- [et_pb_line_break_holder] -->  @media (max-width: 1100px) {<!-- [et_pb_line_break_holder] -->    .cabecera-paginas-breadcrumb > div:last-of-type {<!-- [et_pb_line_break_holder] -->    position: absolute;<!-- [et_pb_line_break_holder] -->    right: -20px;<!-- [et_pb_line_break_holder] -->    z-index: 0;<!-- [et_pb_line_break_holder] -->      <!-- [et_pb_line_break_holder] -->  \t}<!-- [et_pb_line_break_holder] --><!-- [et_pb_line_break_holder] -->    .cabecera-paginas-breadcrumb {<!-- [et_pb_line_break_holder] -->    \theight: 180px;<!-- [et_pb_line_break_holder] -->  \t}<!-- [et_pb_line_break_holder] -->  }<!-- [et_pb_line_break_holder] -->  <!-- [et_pb_line_break_holder] -->  @media (max-width: 980px) {<!-- [et_pb_line_break_holder] -->    .cabecera-paginas-breadcrumb > div:first-of-type h1 {<!-- [et_pb_line_break_holder] -->    \tmargin-left: -3px;<!-- [et_pb_line_break_holder] -->  \t}<!-- [et_pb_line_break_holder] -->  }<!-- [et_pb_line_break_holder] -->  <!-- [et_pb_line_break_holder] -->  @media (max-width: 767px) {<!-- [et_pb_line_break_holder] -->    .cabecera-paginas-breadcrumb > div:first-of-type h1 {<!-- [et_pb_line_break_holder] -->    \tmargin-left: -1px;<!-- [et_pb_line_break_holder] -->  \t}<!-- [et_pb_line_break_holder] -->  }<!-- [et_pb_line_break_holder] -->    @media (max-width: 480px) {<!-- [et_pb_line_break_holder] -->  .cabecera-paginas-breadcrumb > div:last-of-type img {<!-- [et_pb_line_break_holder] -->    \tmargin-top:25px;<!-- [et_pb_line_break_holder] -->  \t}<!-- [et_pb_line_break_holder] -->    <!-- [et_pb_line_break_holder] -->  }<!-- [et_pb_line_break_holder] --><!-- [et_pb_line_break_holder] -->  <!-- [et_pb_line_break_holder] --><\/style>[\/et_pb_code][\/et_pb_column][\/et_pb_row][\/et_pb_section][et_pb_section fb_built=\u00bb1&#8243; _builder_version=\u00bb4.27.4&#8243; _module_preset=\u00bbdefault\u00bb custom_margin=\u00bb0px||0px||false|false\u00bb custom_padding=\u00bb0px||0px||false|false\u00bb global_colors_info=\u00bb{}\u00bb][et_pb_row _builder_version=\u00bb4.27.4&#8243; _module_preset=\u00bbdefault\u00bb custom_margin=\u00bb0px||0px||false|false\u00bb custom_padding=\u00bb0px||0px||false|false\u00bb global_colors_info=\u00bb{}\u00bb][et_pb_column type=\u00bb4_4&#8243; _builder_version=\u00bb4.27.4&#8243; _module_preset=\u00bbdefault\u00bb global_colors_info=\u00bb{}\u00bb][et_pb_code module_class=\u00bbbreadcrumb-quitar-margen\u00bb _builder_version=\u00bb4.27.4&#8243; _module_preset=\u00bbdefault\u00bb custom_margin=\u00bb0px||0px||false|false\u00bb custom_padding=\u00bb0px||0px||false|false\u00bb custom_css_free_form=\u00bb.selector {||  margin-top: 20px;||}||||.selector h1 {||  color: rgba(0, 0, 0, 0.8);||}||||.selector p {||  font-size: 16px;||  line-height: 1.5;||  color: rgba(50, 50, 50, 0.7);||}||||.selector .button {||  background-color: rgba(0, 123, 255, 1);||  color: rgba(255, 255, 255, 1);||  padding: 10px 20px;||  border-radius: 5px;||}||||||.selector li:last-child {||  font-weight: bold !important;||}||||.breadcrumb-quitar-margen .fa-home{||  margin-right:0 !important;||}\u00bb global_colors_info=\u00bb{}\u00bb]\t\t\t<!-- Flexy Breadcrumb -->\r\n\t\t\t<div class=\"fbc fbc-page\">\r\n\r\n\t\t\t\t<!-- Breadcrumb wrapper -->\r\n\t\t\t\t<div class=\"fbc-wrap\">\r\n\r\n\t\t\t\t\t<!-- Ordered list-->\r\n\t\t\t\t\t<ol class=\"fbc-items\" itemscope itemtype=\"https:\/\/schema.org\/BreadcrumbList\">\r\n\t\t\t\t\t\t            <li itemprop=\"itemListElement\" itemscope itemtype=\"https:\/\/schema.org\/ListItem\">\r\n                <span itemprop=\"name\">\r\n                    <!-- Home Link -->\r\n                    <a itemprop=\"item\" href=\"https:\/\/www.coflaspalmas.es\">\r\n                    \r\n                                                    <i class=\"fa fa-home\" aria-hidden=\"true\"><\/i>                    <\/a>\r\n                <\/span>\r\n                <meta itemprop=\"position\" content=\"1\" \/><!-- Meta Position-->\r\n             <\/li><li><span class=\"fbc-separator\">\u276f<\/span><\/li><li class=\"active\" itemprop=\"itemListElement\" itemscope itemtype=\"https:\/\/schema.org\/ListItem\"><span itemprop=\"name\" title=\"Pol\u00edtica de Protecci\u00f3n de Datos\">Pol\u00edtica de Protecci\u00f3n de...<\/span><meta itemprop=\"position\" content=\"2\" \/><\/li>\t\t\t\t\t<\/ol>\r\n\t\t\t\t\t<div class=\"clearfix\"><\/div>\r\n\t\t\t\t<\/div>\r\n\t\t\t<\/div>\r\n\t\t\t[\/et_pb_code][\/et_pb_column][\/et_pb_row][\/et_pb_section][et_pb_section fb_built=\u00bb1&#8243; admin_label=\u00bbServices\u00bb _builder_version=\u00bb4.27.4&#8243; _module_preset=\u00bbdefault\u00bb background_enable_color=\u00bboff\u00bb custom_padding=\u00bb0px||||false|false\u00bb collapsed=\u00bbon\u00bb global_colors_info=\u00bb{}\u00bb][et_pb_row _builder_version=\u00bb4.27.4&#8243; _module_preset=\u00bbdefault\u00bb custom_padding=\u00bb||0px||false|false\u00bb global_colors_info=\u00bb{}\u00bb][et_pb_column type=\u00bb4_4&#8243; _builder_version=\u00bb4.18.0&#8243; _module_preset=\u00bbdefault\u00bb global_colors_info=\u00bb{}\u00bb][et_pb_text _builder_version=\u00bb4.27.4&#8243; _module_preset=\u00bb1f09816e-184e-4ce5-a4cf-b39c52c423ca\u00bb text_font=\u00bbKarla||||||||\u00bb text_font_size=\u00bb16px\u00bb text_line_height=\u00bb1.8em\u00bb hover_enabled=\u00bb0&#8243; text_font_size_tablet=\u00bb15px\u00bb text_font_size_phone=\u00bb14px\u00bb text_font_size_last_edited=\u00bbon|phone\u00bb header_font_size_tablet=\u00bb55px\u00bb header_font_size_last_edited=\u00bboff|desktop\u00bb global_colors_info=\u00bb{}\u00bb sticky_enabled=\u00bb0&#8243;]<p style=\"text-align: justify;\">La Direcci\u00f3n \/ \u00d3rgano de Gobierno de <span style=\"color: #333333;\"><strong>COLEGIO OFICIAL DE FARMAC\u00c9UTICOS DE LAS PALMAS<\/strong><\/span> (en adelante, el responsable del tratamiento), asume la m\u00e1xima responsabilidad y compromiso con el establecimiento, implementaci\u00f3n y mantenimiento de la presente Pol\u00edtica de Protecci\u00f3n de Datos, garantizando la mejora continua del responsable del tratamiento con el objetivo de alcanzar la excelencia en relaci\u00f3n con el cumplimiento del Reglamento (UE) 2016\/679 del Parlamento Europeo y del Consejo, de 27 de abril de 2016, relativo a la protecci\u00f3n de las personas f\u00edsicas en lo que respecta al tratamiento de datos personales y a la libre circulaci\u00f3n de estos datos y por el que se deroga la Directiva\u00a095\/46\/CE (Reglamento general de protecci\u00f3n de datos) (DOUE L 119\/1, 04-05-2016), y de la normativa espa\u00f1ola de protecci\u00f3n de datos de car\u00e1cter personal (Ley Org\u00e1nica, legislaci\u00f3n sectorial espec\u00edfica y sus normas de desarrollo).<\/p>\n<p style=\"text-align: justify;\">La Pol\u00edtica de Protecci\u00f3n de Datos de <span style=\"color: #333333;\"><strong>COLEGIO OFICIAL DE FARMAC\u00c9UTICOS DE LAS PALMAS<\/strong><\/span> descansa en el <u>principio de responsabilidad proactiva<\/u>, seg\u00fan el cual el responsable del tratamiento es responsable del cumplimiento del marco normativo y jurisprudencial que gobierna dicha Pol\u00edtica, y es capaz de demostrarlo ante las autoridades de control competentes.<\/p>[\/et_pb_text][\/et_pb_column][\/et_pb_row][et_pb_row _builder_version=\u00bb4.27.4&#8243; _module_preset=\u00bbdefault\u00bb custom_padding=\u00bb||0px||false|false\u00bb global_colors_info=\u00bb{}\u00bb][et_pb_column type=\u00bb4_4&#8243; _builder_version=\u00bb4.18.0&#8243; _module_preset=\u00bbdefault\u00bb global_colors_info=\u00bb{}\u00bb][et_pb_text _builder_version=\u00bb4.27.4&#8243; _module_preset=\u00bb1f09816e-184e-4ce5-a4cf-b39c52c423ca\u00bb text_font=\u00bbKarla||||||||\u00bb text_font_size=\u00bb16px\u00bb text_line_height=\u00bb1.8em\u00bb hover_enabled=\u00bb0&#8243; text_font_size_tablet=\u00bb15px\u00bb text_font_size_phone=\u00bb14px\u00bb text_font_size_last_edited=\u00bbon|phone\u00bb header_font_size_tablet=\u00bb55px\u00bb header_font_size_last_edited=\u00bboff|desktop\u00bb custom_css_free_form=\u00bbselector ol,||selector ul {||  padding-bottom: 0;||}\u00bb global_colors_info=\u00bb{}\u00bb sticky_enabled=\u00bb0&#8243;]<p>En tal sentido, el responsable del tratamiento se regir\u00e1 por los siguientes principios que deben servir a todo su personal como gu\u00eda y marco de referencia en el tratamiento de datos personales:<\/p>\n<ol>\n<li><span style=\"color: #333399;\"><strong>Protecci\u00f3n de datos desde el dise\u00f1o:<\/strong><\/span> el responsable del tratamiento aplicar\u00e1, tanto en el momento de determinar los medios de tratamiento como en el momento del propio tratamiento, medidas t\u00e9cnicas y organizativas apropiadas, como la seudonimizaci\u00f3n, concebidas para aplicar de forma efectiva los principios de protecci\u00f3n de datos, como la minimizaci\u00f3n de datos, e integrar las garant\u00edas necesarias en el tratamiento.<\/li>\n<li><span style=\"color: #333399;\"><strong>Protecci\u00f3n de datos por defecto:<\/strong><\/span> el responsable del tratamiento aplicar\u00e1 las medidas t\u00e9cnicas y organizativas apropiadas con miras a garantizar que, por defecto, solo sean objeto de tratamiento los datos personales que sean necesarios para cada uno de los fines espec\u00edficos del tratamiento.<\/li>\n<li><span style=\"color: #333399;\"><strong>Protecci\u00f3n de datos en el ciclo de vida de la informaci\u00f3n:<\/strong><\/span> las medidas que garanticen la protecci\u00f3n de los datos personales ser\u00e1n aplicables durante el ciclo completo de la vida de la informaci\u00f3n.<\/li>\n<li><span style=\"color: #333399;\"><strong>Licitud, lealtad y transparencia:<\/strong><\/span> los datos personales ser\u00e1n tratados de manera l\u00edcita, leal y transparente en relaci\u00f3n con el interesado.<\/li>\n<li><span style=\"color: #333399;\"><strong>Limitaci\u00f3n de la finalidad:<\/strong><\/span> los datos personales ser\u00e1n recogidos con fines determinados, expl\u00edcitos y leg\u00edtimos, y no ser\u00e1n tratados ulteriormente de manera incompatible con dichos fines.<\/li>\n<li><span style=\"color: #333399;\"><strong>Minimizaci\u00f3n de datos:<\/strong><\/span> los datos personales ser\u00e1n adecuados, pertinentes y limitados a lo necesario en relaci\u00f3n con los fines para los que son tratados.<\/li>\n<li><span style=\"color: #333399;\"><strong>Exactitud:<\/strong><\/span> los datos personales ser\u00e1n exactos y, si fuera necesario, actualizados; se adoptar\u00e1n todas las medidas razonables para que se supriman o rectifiquen sin dilaci\u00f3n los datos personales que sean inexactos con respecto a los fines para los que se tratan.<\/li>\n<li><span style=\"color: #333399;\"><strong>Limitaci\u00f3n del plazo de conservaci\u00f3n:<\/strong><\/span> los datos personales ser\u00e1n mantenidos de forma que se permita la identificaci\u00f3n de los interesados durante no m\u00e1s tiempo del necesario para los fines del tratamiento de los datos personales.<\/li>\n<li><span style=\"color: #333399;\"><strong>Integridad y confidencialidad:<\/strong><\/span> los datos personales ser\u00e1n tratados de tal manera que se garantice una seguridad adecuada de los datos personales, incluida la protecci\u00f3n contra el tratamiento no autorizado o il\u00edcito y contra su p\u00e9rdida, destrucci\u00f3n o da\u00f1o accidental, mediante la aplicaci\u00f3n de medidas t\u00e9cnicas u organizativas apropiadas.<\/li>\n<li><span style=\"color: #333399;\"><strong>Informaci\u00f3n y formaci\u00f3n:<\/strong> <\/span>una de las claves para garantizar la protecci\u00f3n de los datos personales es la formaci\u00f3n e informaci\u00f3n que se facilite al personal involucrado en el tratamiento de los mismos. Durante el ciclo de vida de la informaci\u00f3n, todo el personal con acceso a los datos ser\u00e1 convenientemente formado e informado acerca de sus obligaciones en relaci\u00f3n con el cumplimiento de la normativa de protecci\u00f3n de datos.<\/li>\n<\/ol>[\/et_pb_text][\/et_pb_column][\/et_pb_row][et_pb_row _builder_version=\u00bb4.27.4&#8243; _module_preset=\u00bbdefault\u00bb custom_padding=\u00bb||0px||false|false\u00bb global_colors_info=\u00bb{}\u00bb][et_pb_column type=\u00bb4_4&#8243; _builder_version=\u00bb4.18.0&#8243; _module_preset=\u00bbdefault\u00bb global_colors_info=\u00bb{}\u00bb][et_pb_text _builder_version=\u00bb4.27.4&#8243; _module_preset=\u00bb1f09816e-184e-4ce5-a4cf-b39c52c423ca\u00bb text_font=\u00bbKarla||||||||\u00bb text_font_size=\u00bb16px\u00bb text_line_height=\u00bb1.8em\u00bb hover_enabled=\u00bb0&#8243; text_font_size_tablet=\u00bb15px\u00bb text_font_size_phone=\u00bb14px\u00bb text_font_size_last_edited=\u00bbon|phone\u00bb header_font_size_tablet=\u00bb55px\u00bb header_font_size_last_edited=\u00bboff|desktop\u00bb custom_css_free_form=\u00bbselector ol,||selector ul {||  padding-bottom: 0;||}\u00bb global_colors_info=\u00bb{}\u00bb sticky_enabled=\u00bb0&#8243;]<p style=\"text-align: justify;\">La Pol\u00edtica de Protecci\u00f3n de Datos de <span style=\"color: #333333;\"><strong>COLEGIO OFICIAL DE FARMAC\u00c9UTICOS DE LAS PALMAS<\/strong><\/span> es comunicada a todo el personal del responsable del tratamiento y puesta a disposici\u00f3n de todas las partes interesadas.<\/p>\n<p style=\"text-align: justify;\">En su consecuencia, la presente Pol\u00edtica de Protecci\u00f3n de Datos involucra a todo el personal del responsable del tratamiento, que debe conocerla y asumirla, consider\u00e1ndola como propia, siendo cada miembro responsable de aplicarla y de verificar las normas de protecci\u00f3n de datos aplicables a su actividad, as\u00ed como identificar y aportar las oportunidades de mejora que considere oportunas con el objetivo de alcanzar la excelencia en relaci\u00f3n con su cumplimiento.<\/p>\n<p style=\"text-align: justify;\">Esta Pol\u00edtica ser\u00e1 revisada por la Direcci\u00f3n \/ \u00d3rgano de Gobierno de <span style=\"color: #333333;\"><strong>COLEGIO OFICIAL DE FARMAC\u00c9UTICOS DE LAS PALMAS<\/strong><\/span>, tantas veces como se considere necesario, para adecuarse, en todo momento, a las disposiciones vigentes en materia de protecci\u00f3n de datos de car\u00e1cter personal.<\/p>[\/et_pb_text][\/et_pb_column][\/et_pb_row][\/et_pb_section]\n","protected":false},"excerpt":{"rendered":"<p>Pol\u00edtica de protecci\u00f3n de datosPol\u00edtica de Protecci\u00f3n de datos\t\t\t<!-- Flexy Breadcrumb -->\r\n\t\t\t<div class=\"fbc fbc-page\">\r\n\r\n\t\t\t\t<!-- Breadcrumb wrapper -->\r\n\t\t\t\t<div class=\"fbc-wrap\">\r\n\r\n\t\t\t\t\t<!-- Ordered list-->\r\n\t\t\t\t\t<ol class=\"fbc-items\" itemscope itemtype=\"https:\/\/schema.org\/BreadcrumbList\">\r\n\t\t\t\t\t\t            <li itemprop=\"itemListElement\" itemscope itemtype=\"https:\/\/schema.org\/ListItem\">\r\n                <span itemprop=\"name\">\r\n                    <!-- Home Link -->\r\n                    <a itemprop=\"item\" href=\"https:\/\/www.coflaspalmas.es\">\r\n                    \r\n                                                    <i class=\"fa fa-home\" aria-hidden=\"true\"><\/i>                    <\/a>\r\n                <\/span>\r\n                <meta itemprop=\"position\" content=\"1\" \/><!-- Meta Position-->\r\n             <\/li><li><span class=\"fbc-separator\">\u276f<\/span><\/li><li class=\"active\" itemprop=\"itemListElement\" itemscope itemtype=\"https:\/\/schema.org\/ListItem\"><span itemprop=\"name\" title=\"Pol\u00edtica de Protecci\u00f3n de Datos\">Pol\u00edtica de Protecci\u00f3n de...<\/span><meta itemprop=\"position\" content=\"2\" \/><\/li>\t\t\t\t\t<\/ol>\r\n\t\t\t\t\t<div class=\"clearfix\"><\/div>\r\n\t\t\t\t<\/div>\r\n\t\t\t<\/div>\r\n\t\t\tLa Direcci\u00f3n \/ \u00d3rgano de Gobierno de COLEGIO OFICIAL DE FARMAC\u00c9UTICOS DE LAS PALMAS (en adelante, el responsable del tratamiento), asume la m\u00e1xima responsabilidad y compromiso con el establecimiento, implementaci\u00f3n y mantenimiento de la presente Pol\u00edtica de Protecci\u00f3n de Datos, garantizando la mejora continua del responsable del [&hellip;]<\/p>\n","protected":false},"author":44,"featured_media":0,"parent":0,"menu_order":0,"comment_status":"closed","ping_status":"closed","template":"","meta":{"_et_pb_use_builder":"on","_et_pb_old_content":"","_et_gb_content_width":"","footnotes":""},"class_list":["post-26057678","page","type-page","status-publish","hentry"],"yoast_head":"<!-- This site is optimized with the Yoast SEO plugin v24.7 - https:\/\/yoast.com\/wordpress\/plugins\/seo\/ -->\n<title>Pol\u00edtica de Protecci\u00f3n de Datos - COFLP<\/title>\n<meta name=\"robots\" content=\"index, follow, max-snippet:-1, max-image-preview:large, max-video-preview:-1\" \/>\n<link rel=\"canonical\" href=\"https:\/\/www.coflaspalmas.es\/es\/politica-de-proteccion-de-datos\/\" \/>\n<meta property=\"og:locale\" content=\"es_ES\" \/>\n<meta property=\"og:type\" content=\"article\" \/>\n<meta property=\"og:title\" content=\"Pol\u00edtica de Protecci\u00f3n de Datos - COFLP\" \/>\n<meta property=\"og:description\" content=\"Pol\u00edtica de protecci\u00f3n de datosPol\u00edtica de Protecci\u00f3n de datosLa Direcci\u00f3n \/ \u00d3rgano de Gobierno de COLEGIO OFICIAL DE FARMAC\u00c9UTICOS DE LAS PALMAS (en adelante, el responsable del tratamiento), asume la m\u00e1xima responsabilidad y compromiso con el establecimiento, implementaci\u00f3n y mantenimiento de la presente Pol\u00edtica de Protecci\u00f3n de Datos, garantizando la mejora continua del responsable del [&hellip;]\" \/>\n<meta property=\"og:url\" content=\"https:\/\/www.coflaspalmas.es\/es\/politica-de-proteccion-de-datos\/\" \/>\n<meta property=\"og:site_name\" content=\"COFLP\" \/>\n<meta property=\"article:modified_time\" content=\"2026-04-30T18:35:09+00:00\" \/>\n<meta name=\"twitter:card\" content=\"summary_large_image\" \/>\n<meta name=\"twitter:label1\" content=\"Tiempo de lectura\" \/>\n\t<meta name=\"twitter:data1\" content=\"4 minutos\" \/>\n<script type=\"application\/ld+json\" class=\"yoast-schema-graph\">{\"@context\":\"https:\/\/schema.org\",\"@graph\":[{\"@type\":\"WebPage\",\"@id\":\"https:\/\/www.coflaspalmas.es\/politica-de-proteccion-de-datos\/\",\"url\":\"https:\/\/www.coflaspalmas.es\/politica-de-proteccion-de-datos\/\",\"name\":\"Pol\u00edtica de Protecci\u00f3n de Datos - COFLP\",\"isPartOf\":{\"@id\":\"https:\/\/www.coflaspalmas.es\/#website\"},\"datePublished\":\"2026-04-30T18:35:06+00:00\",\"dateModified\":\"2026-04-30T18:35:09+00:00\",\"breadcrumb\":{\"@id\":\"https:\/\/www.coflaspalmas.es\/politica-de-proteccion-de-datos\/#breadcrumb\"},\"inLanguage\":\"es\",\"potentialAction\":[{\"@type\":\"ReadAction\",\"target\":[\"https:\/\/www.coflaspalmas.es\/politica-de-proteccion-de-datos\/\"]}]},{\"@type\":\"BreadcrumbList\",\"@id\":\"https:\/\/www.coflaspalmas.es\/politica-de-proteccion-de-datos\/#breadcrumb\",\"itemListElement\":[{\"@type\":\"ListItem\",\"position\":1,\"name\":\"Portada\",\"item\":\"https:\/\/www.coflaspalmas.es\/\"},{\"@type\":\"ListItem\",\"position\":2,\"name\":\"Pol\u00edtica de Protecci\u00f3n de Datos\"}]},{\"@type\":\"WebSite\",\"@id\":\"https:\/\/www.coflaspalmas.es\/#website\",\"url\":\"https:\/\/www.coflaspalmas.es\/\",\"name\":\"COF Las Palmas\",\"description\":\"Colegio de Farmac\u00e9uticos Las Palmas.\",\"potentialAction\":[{\"@type\":\"SearchAction\",\"target\":{\"@type\":\"EntryPoint\",\"urlTemplate\":\"https:\/\/www.coflaspalmas.es\/?s={search_term_string}\"},\"query-input\":{\"@type\":\"PropertyValueSpecification\",\"valueRequired\":true,\"valueName\":\"search_term_string\"}}],\"inLanguage\":\"es\"}]}<\/script>\n<!-- \/ Yoast SEO plugin. -->","yoast_head_json":{"title":"Pol\u00edtica de Protecci\u00f3n de Datos - COFLP","robots":{"index":"index","follow":"follow","max-snippet":"max-snippet:-1","max-image-preview":"max-image-preview:large","max-video-preview":"max-video-preview:-1"},"canonical":"https:\/\/www.coflaspalmas.es\/es\/politica-de-proteccion-de-datos\/","og_locale":"es_ES","og_type":"article","og_title":"Pol\u00edtica de Protecci\u00f3n de Datos - COFLP","og_description":"Pol\u00edtica de protecci\u00f3n de datosPol\u00edtica de Protecci\u00f3n de datosLa Direcci\u00f3n \/ \u00d3rgano de Gobierno de COLEGIO OFICIAL DE FARMAC\u00c9UTICOS DE LAS PALMAS (en adelante, el responsable del tratamiento), asume la m\u00e1xima responsabilidad y compromiso con el establecimiento, implementaci\u00f3n y mantenimiento de la presente Pol\u00edtica de Protecci\u00f3n de Datos, garantizando la mejora continua del responsable del [&hellip;]","og_url":"https:\/\/www.coflaspalmas.es\/es\/politica-de-proteccion-de-datos\/","og_site_name":"COFLP","article_modified_time":"2026-04-30T18:35:09+00:00","twitter_card":"summary_large_image","twitter_misc":{"Tiempo de lectura":"4 minutos"},"schema":{"@context":"https:\/\/schema.org","@graph":[{"@type":"WebPage","@id":"https:\/\/www.coflaspalmas.es\/politica-de-proteccion-de-datos\/","url":"https:\/\/www.coflaspalmas.es\/politica-de-proteccion-de-datos\/","name":"Pol\u00edtica de Protecci\u00f3n de Datos - COFLP","isPartOf":{"@id":"https:\/\/www.coflaspalmas.es\/#website"},"datePublished":"2026-04-30T18:35:06+00:00","dateModified":"2026-04-30T18:35:09+00:00","breadcrumb":{"@id":"https:\/\/www.coflaspalmas.es\/politica-de-proteccion-de-datos\/#breadcrumb"},"inLanguage":"es","potentialAction":[{"@type":"ReadAction","target":["https:\/\/www.coflaspalmas.es\/politica-de-proteccion-de-datos\/"]}]},{"@type":"BreadcrumbList","@id":"https:\/\/www.coflaspalmas.es\/politica-de-proteccion-de-datos\/#breadcrumb","itemListElement":[{"@type":"ListItem","position":1,"name":"Portada","item":"https:\/\/www.coflaspalmas.es\/"},{"@type":"ListItem","position":2,"name":"Pol\u00edtica de Protecci\u00f3n de Datos"}]},{"@type":"WebSite","@id":"https:\/\/www.coflaspalmas.es\/#website","url":"https:\/\/www.coflaspalmas.es\/","name":"COF Las Palmas","description":"Colegio de Farmac\u00e9uticos Las Palmas.","potentialAction":[{"@type":"SearchAction","target":{"@type":"EntryPoint","urlTemplate":"https:\/\/www.coflaspalmas.es\/?s={search_term_string}"},"query-input":{"@type":"PropertyValueSpecification","valueRequired":true,"valueName":"search_term_string"}}],"inLanguage":"es"}]}},"_links":{"self":[{"href":"https:\/\/www.coflaspalmas.es\/es\/wp-json\/wp\/v2\/pages\/26057678","targetHints":{"allow":["GET"]}}],"collection":[{"href":"https:\/\/www.coflaspalmas.es\/es\/wp-json\/wp\/v2\/pages"}],"about":[{"href":"https:\/\/www.coflaspalmas.es\/es\/wp-json\/wp\/v2\/types\/page"}],"author":[{"embeddable":true,"href":"https:\/\/www.coflaspalmas.es\/es\/wp-json\/wp\/v2\/users\/44"}],"replies":[{"embeddable":true,"href":"https:\/\/www.coflaspalmas.es\/es\/wp-json\/wp\/v2\/comments?post=26057678"}],"version-history":[{"count":3,"href":"https:\/\/www.coflaspalmas.es\/es\/wp-json\/wp\/v2\/pages\/26057678\/revisions"}],"predecessor-version":[{"id":26057689,"href":"https:\/\/www.coflaspalmas.es\/es\/wp-json\/wp\/v2\/pages\/26057678\/revisions\/26057689"}],"wp:attachment":[{"href":"https:\/\/www.coflaspalmas.es\/es\/wp-json\/wp\/v2\/media?parent=26057678"}],"curies":[{"name":"wp","href":"https:\/\/api.w.org\/{rel}","templated":true}]}}