{"version":"1.0","provider_name":"COFLP","provider_url":"https:\/\/www.coflaspalmas.es\/fr","author_name":"Nieves","author_url":"https:\/\/www.coflaspalmas.es\/fr\/author\/nievesfarmaceuticoslaspalmas-com\/","title":"II Jornadas de Sensibilizaci\u00f3n del C\u00e1ncer Infantil - COFLP","type":"rich","width":600,"height":338,"html":"<blockquote class=\"wp-embedded-content\" data-secret=\"quU19E0xee\"><a href=\"https:\/\/www.coflaspalmas.es\/fr\/class\/ii-jornadas-de-sensibilizacion-del-cancer-infantil\/\">II Jornadas de Sensibilizaci\u00f3n del C\u00e1ncer Infantil<\/a><\/blockquote><iframe sandbox=\"allow-scripts\" security=\"restricted\" src=\"https:\/\/www.coflaspalmas.es\/fr\/class\/ii-jornadas-de-sensibilizacion-del-cancer-infantil\/embed\/#?secret=quU19E0xee\" width=\"600\" height=\"338\" title=\"\u00ab\u00a0II Jornadas de Sensibilizaci\u00f3n del C\u00e1ncer Infantil\u00a0\u00bb &#8212; COFLP\" data-secret=\"quU19E0xee\" frameborder=\"0\" marginwidth=\"0\" marginheight=\"0\" scrolling=\"no\" class=\"wp-embedded-content\"><\/iframe><script type=\"text\/javascript\">\n\/* <![CDATA[ *\/\n\/*! This file is auto-generated *\/\n!function(d,l){\"use strict\";l.querySelector&&d.addEventListener&&\"undefined\"!=typeof URL&&(d.wp=d.wp||{},d.wp.receiveEmbedMessage||(d.wp.receiveEmbedMessage=function(e){var t=e.data;if((t||t.secret||t.message||t.value)&&!\/[^a-zA-Z0-9]\/.test(t.secret)){for(var s,r,n,a=l.querySelectorAll('iframe[data-secret=\"'+t.secret+'\"]'),o=l.querySelectorAll('blockquote[data-secret=\"'+t.secret+'\"]'),c=new RegExp(\"^https?:$\",\"i\"),i=0;i<o.length;i++)o[i].style.display=\"none\";for(i=0;i<a.length;i++)s=a[i],e.source===s.contentWindow&&(s.removeAttribute(\"style\"),\"height\"===t.message?(1e3<(r=parseInt(t.value,10))?r=1e3:~~r<200&&(r=200),s.height=r):\"link\"===t.message&&(r=new URL(s.getAttribute(\"src\")),n=new URL(t.value),c.test(n.protocol))&&n.host===r.host&&l.activeElement===s&&(d.top.location.href=t.value))}},d.addEventListener(\"message\",d.wp.receiveEmbedMessage,!1),l.addEventListener(\"DOMContentLoaded\",function(){for(var e,t,s=l.querySelectorAll(\"iframe.wp-embedded-content\"),r=0;r<s.length;r++)(t=(e=s[r]).getAttribute(\"data-secret\"))||(t=Math.random().toString(36).substring(2,12),e.src+=\"#?secret=\"+t,e.setAttribute(\"data-secret\",t)),e.contentWindow.postMessage({message:\"ready\",secret:t},\"*\")},!1)))}(window,document);\n\/\/# sourceURL=https:\/\/www.coflaspalmas.es\/wp-includes\/js\/wp-embed.min.js\n\/* ]]> *\/\n<\/script>","description":"&nbsp; &nbsp; &nbsp; Ya puedes inscribirte\u00a0 a las II Jornadas de Sensibilizaci\u00f3n del C\u00e1ncer Infantil, organizadas por la Fundaci\u00f3n Canaria Peque\u00f1o Valiente en el espacio ofrecido por Fundaci\u00f3n DISA. Contar\u00e1 con ponencias de profesionales del \u00e1mbito sanitario, testimonios de familias, y la participaci\u00f3n del equipo de la fundaci\u00f3n. &nbsp; El evento estar\u00e1 presentado por Wendy [&hellip;]"}